{"id":712,"date":"2024-08-11T22:32:24","date_gmt":"2024-08-11T19:32:24","guid":{"rendered":"https:\/\/luarte.net.br\/?page_id=712"},"modified":"2024-08-22T19:14:44","modified_gmt":"2024-08-22T16:14:44","slug":"depoimentos","status":"publish","type":"page","link":"https:\/\/luarte.net.br\/en\/depoimentos\/","title":{"rendered":"Depoimentos"},"content":{"rendered":"<div data-elementor-type=\"wp-page\" data-elementor-id=\"712\" class=\"elementor elementor-712\" data-elementor-post-type=\"page\">\n\t\t\t\t\t\t<section class=\"elementor-section elementor-top-section elementor-element elementor-element-126f21a elementor-section-boxed elementor-section-height-default elementor-section-height-default\" data-id=\"126f21a\" data-element_type=\"section\" data-e-type=\"section\" data-settings=\"{&quot;background_background&quot;:&quot;classic&quot;}\">\n\t\t\t\t\t\t<div class=\"elementor-container elementor-column-gap-default\">\n\t\t\t\t\t<div class=\"elementor-column elementor-col-100 elementor-top-column elementor-element elementor-element-eeac462\" data-id=\"eeac462\" data-element_type=\"column\" data-e-type=\"column\">\n\t\t\t<div class=\"elementor-widget-wrap elementor-element-populated\">\n\t\t\t\t\t\t<div class=\"elementor-element elementor-element-a24c7cb elementor-widget elementor-widget-heading\" data-id=\"a24c7cb\" data-element_type=\"widget\" data-e-type=\"widget\" data-widget_type=\"heading.default\">\n\t\t\t\t<div class=\"elementor-widget-container\">\n\t\t\t\t\t<h2 class=\"elementor-heading-title elementor-size-default\">TESTIMONIALS<\/h2>\t\t\t\t<\/div>\n\t\t\t\t<\/div>\n\t\t\t\t\t<\/div>\n\t\t<\/div>\n\t\t\t\t\t<\/div>\n\t\t<\/section>\n\t\t\t\t<section class=\"elementor-section elementor-top-section elementor-element elementor-element-57b8ba3 elementor-section-boxed elementor-section-height-default elementor-section-height-default\" data-id=\"57b8ba3\" data-element_type=\"section\" data-e-type=\"section\">\n\t\t\t\t\t\t<div class=\"elementor-container elementor-column-gap-default\">\n\t\t\t\t\t<div class=\"elementor-column elementor-col-100 elementor-top-column elementor-element elementor-element-d300a8d\" data-id=\"d300a8d\" data-element_type=\"column\" data-e-type=\"column\">\n\t\t\t<div class=\"elementor-widget-wrap elementor-element-populated\">\n\t\t\t\t\t\t<div class=\"elementor-element elementor-element-5781007 elementor-blockquote--skin-boxed elementor-blockquote--button-color-official elementor-widget elementor-widget-blockquote\" data-id=\"5781007\" data-element_type=\"widget\" data-e-type=\"widget\" data-widget_type=\"blockquote.default\">\n\t\t\t\t<div class=\"elementor-widget-container\">\n\t\t\t\t\t\t\t<blockquote class=\"elementor-blockquote\">\n\t\t\t<p class=\"elementor-blockquote__content\">\n\t\t\t\t\"Well, I can say that it has transformed my life. I have felt a firmer ground to support me\nand a wider sky to venture out. I realized that everyone around me has benefited from my\nwork. My biggest challenges are being looked at, digested, and transformed. I have been\ngaining confidence and strength to sustain these changes, which have been taking place\ngradually but consistently. I want to continue receiving this support to continue evolving.\nIt's been impressive! Thank you, Rebekka!\"\t\t\t<\/p>\n\t\t\t\t\t\t\t<div class=\"e-q-footer\">\n\t\t\t\t\t\t\t\t\t\t\t<cite class=\"elementor-blockquote__author\">Gustav Marcus Luba - Botucatu, SP<\/cite>\n\t\t\t\t\t\t\t\t\t\t\t\t\t\t<\/div>\n\t\t\t\t\t<\/blockquote>\n\t\t\t\t\t\t<\/div>\n\t\t\t\t<\/div>\n\t\t\t\t<div class=\"elementor-element elementor-element-f14a5fc elementor-blockquote--skin-boxed elementor-blockquote--button-color-official elementor-widget elementor-widget-blockquote\" data-id=\"f14a5fc\" data-element_type=\"widget\" data-e-type=\"widget\" data-widget_type=\"blockquote.default\">\n\t\t\t\t<div class=\"elementor-widget-container\">\n\t\t\t\t\t\t\t<blockquote class=\"elementor-blockquote\">\n\t\t\t<p class=\"elementor-blockquote__content\">\n\t\t\t\t\u201c Rebekka has been with me since April 2018 and during this time her support has been\nwonderful and effective. CEHU is a consistent, careful, and challenging process in all areas\nof life. Rebekka has been supporting me to build authentic relationships with myself and\nwith the people around me. With courage and deep love, she challenges and sustains a\nground so that the authentic is at the forefront of my daily choices, I am in the process of\ntransforming the way of being a woman, mother, professional, etc. I am infinitely grateful.\nMargarita Morales, coach, and therapist. \u201d\t\t\t<\/p>\n\t\t\t\t\t\t\t<div class=\"e-q-footer\">\n\t\t\t\t\t\t\t\t\t\t\t<cite class=\"elementor-blockquote__author\">Margarita Morales - Botucatu, SP<\/cite>\n\t\t\t\t\t\t\t\t\t\t\t\t\t\t<\/div>\n\t\t\t\t\t<\/blockquote>\n\t\t\t\t\t\t<\/div>\n\t\t\t\t<\/div>\n\t\t\t\t<div class=\"elementor-element elementor-element-994224f elementor-blockquote--skin-boxed elementor-blockquote--button-color-official elementor-widget elementor-widget-blockquote\" data-id=\"994224f\" data-element_type=\"widget\" data-e-type=\"widget\" data-widget_type=\"blockquote.default\">\n\t\t\t\t<div class=\"elementor-widget-container\">\n\t\t\t\t\t\t\t<blockquote class=\"elementor-blockquote\">\n\t\t\t<p class=\"elementor-blockquote__content\">\n\t\t\t\t\u201cEstou h\u00e1 meses pensando no que poderia escrever sobre o trabalho de Cura Emocional Humanizada, mas s\u00e3o tantas descobertas,  tantas experi\u00eancias e mudan\u00e7as que j\u00e1 aconteceram na minha vida,  que eu teria que escrever um livro para cont\u00e1-las. De maneira geral e resumida,  esse trabalho mudou a minha vida. Tem me transformado como Ser Humano, como mulher e  est\u00e1 ajudando muito o meu casamento. \u00c9 um trabalho muito s\u00e9rio e profundo, ideal para quem realmente quer se trabalhar e mexer nas suas feridas mais profundas, que quando s\u00e3o olhadas  e digeridas com ajuda da Rebekka, nos permite ter muito mais amor pr\u00f3prio,  a nos valorizarmos e respeitarmos. Esse trabalho tem me deixado muito mais calma, mais s\u00f3bria,  mais amorosa e tem ajudado \u00e0 vida fluir de maneira muito mais suave e real. Tem sido maravilhosa essa experi\u00eancia. Obrigada por tudo, Rebekka!\u201d\t\t\t<\/p>\n\t\t\t\t\t\t\t<div class=\"e-q-footer\">\n\t\t\t\t\t\t\t\t\t\t\t<cite class=\"elementor-blockquote__author\">Carolina Hess - Botucatu, SP<\/cite>\n\t\t\t\t\t\t\t\t\t\t\t\t\t\t<\/div>\n\t\t\t\t\t<\/blockquote>\n\t\t\t\t\t\t<\/div>\n\t\t\t\t<\/div>\n\t\t\t\t<div class=\"elementor-element elementor-element-57fef9a elementor-blockquote--skin-boxed elementor-blockquote--button-color-official elementor-widget elementor-widget-blockquote\" data-id=\"57fef9a\" data-element_type=\"widget\" data-e-type=\"widget\" data-widget_type=\"blockquote.default\">\n\t\t\t\t<div class=\"elementor-widget-container\">\n\t\t\t\t\t\t\t<blockquote class=\"elementor-blockquote\">\n\t\t\t<p class=\"elementor-blockquote__content\">\n\t\t\t\t\u201cA vida pode ser maior. N\u00e3o em tempo ou dist\u00e2ncia, mas em profundidade, amplitude e totalidade. E, a vida \u00e9 infinita, agora que entendi como posso expandir minha capacidade de senti-la! Eu posso, atrav\u00e9s dos membros que me movem, ir de um lugar ao outro. Sim. Eu posso, de acordo com a capacidade de minha mem\u00f3ria, reter fragmentos do passado, ou, de acordo com a minha capacidade intelectual, planejar meu futuro. Mas, n\u00e3o \u00e9 isso que eu mais valorizo hoje em dia. Desde que venho praticando a cura emocional, tornou-se mais importante para mim ficar do que ir, estar mais do que tornar-me. E aprofundar-me, assim, na experi\u00eancia real de habitar o aqui agora\u2026 Sei que ainda preciso de muito trabalho ainda para que essa habilidade seja novamente espont\u00e2nea\u2026 Curioso\u2026 tenho cada vez mais certeza de que um dia ela foi realmente inata! Sim\u2026 o trabalho de cura emocional \u00e9 uma pr\u00e1tica de desconstru\u00e7\u00e3o! Desconfiguramo-nos dos padr\u00f5es a que viemos sendo condicionados\u2026 e, deixamos-nos, gradativamente, voltar a funcionar com liberdade de sentir\u2026 Os ganhos s\u00e3o imediatos! Fica-se com a impress\u00e3o de que nossa vida esteve h\u00e1 muito tempo a nossa espera, e est\u00e1 muito satisfeita de que agora estamos, finalmente, dispostos a poder senti-la\u2026 de verdade.\u201d\t\t\t<\/p>\n\t\t\t\t\t\t\t<div class=\"e-q-footer\">\n\t\t\t\t\t\t\t\t\t\t\t<cite class=\"elementor-blockquote__author\">Patricia Aleixo Silveira - Botucatu, SP<\/cite>\n\t\t\t\t\t\t\t\t\t\t\t\t\t\t<\/div>\n\t\t\t\t\t<\/blockquote>\n\t\t\t\t\t\t<\/div>\n\t\t\t\t<\/div>\n\t\t\t\t<div class=\"elementor-element elementor-element-eda157a elementor-blockquote--skin-boxed elementor-blockquote--button-color-official elementor-widget elementor-widget-blockquote\" data-id=\"eda157a\" data-element_type=\"widget\" data-e-type=\"widget\" data-widget_type=\"blockquote.default\">\n\t\t\t\t<div class=\"elementor-widget-container\">\n\t\t\t\t\t\t\t<blockquote class=\"elementor-blockquote\">\n\t\t\t<p class=\"elementor-blockquote__content\">\n\t\t\t\t\u201cPara mim este trabalho de cura emocional que estou fazendo com a Rebekka \u00e9 muito profundo e espiritual. O que tenho apreendido e vivenciado ao entrar em contato com as minhas emo\u00e7\u00f5es mais profundas \u00e9 que consigo digeri-las com coragem e o mais importante deixando de me sentir v\u00edtima das situa\u00e7\u00f5es e reconhecendo que posso ser a protagonista de minha pr\u00f3pria hist\u00f3ria. Eu que procurava um sentido para minha vida quando fui na palestra da Rebekka, descobri estes dias lendo o livro o Poder do Mito de Joseph Campbell, a melhor tradu\u00e7\u00e3o do que sinto hoje sobre este trabalho. Dizem que o que todos procuramos \u00e9 um sentido para a vida. N\u00e3o penso que seja assim. Penso que o que estamos procurando \u00e9 uma experi\u00eancia de estar vivos, de modo que nossas experi\u00eancias de vida, no plano puramente f\u00edsico, tenham resson\u00e2ncia no interior do nosso ser e da nossa realidade mais \u00edntima, de modo que realmente sintamos o enlevo de estar vivos.\u201d\t\t\t<\/p>\n\t\t\t\t\t\t\t<div class=\"e-q-footer\">\n\t\t\t\t\t\t\t\t\t\t\t<cite class=\"elementor-blockquote__author\">Maria Tavares - Botucatu, SP<\/cite>\n\t\t\t\t\t\t\t\t\t\t\t\t\t\t<\/div>\n\t\t\t\t\t<\/blockquote>\n\t\t\t\t\t\t<\/div>\n\t\t\t\t<\/div>\n\t\t\t\t<div class=\"elementor-element elementor-element-7a451ce elementor-blockquote--skin-boxed elementor-blockquote--button-color-official elementor-widget elementor-widget-blockquote\" data-id=\"7a451ce\" data-element_type=\"widget\" data-e-type=\"widget\" data-widget_type=\"blockquote.default\">\n\t\t\t\t<div class=\"elementor-widget-container\">\n\t\t\t\t\t\t\t<blockquote class=\"elementor-blockquote\">\n\t\t\t<p class=\"elementor-blockquote__content\">\n\t\t\t\t\u201cO trabalho que a Rebekka faz junto aos seus assistidos \u00e9 importante na reconstru\u00e7\u00e3o de uma base emocional saud\u00e1vel, onde o sentir-se acolhido \u00e9 ess\u00eancia na busca do ser aut\u00eantico. Habitar 100% nosso estado f\u00edsico\/emocional no presente momento \u00e9 desafio constante, o que torna esse trabalho mais real e transformador.\u201d\t\t\t<\/p>\n\t\t\t\t\t\t\t<div class=\"e-q-footer\">\n\t\t\t\t\t\t\t\t\t\t\t<cite class=\"elementor-blockquote__author\">An\u00f4nimo - Botucatu, SP<\/cite>\n\t\t\t\t\t\t\t\t\t\t\t\t\t\t<\/div>\n\t\t\t\t\t<\/blockquote>\n\t\t\t\t\t\t<\/div>\n\t\t\t\t<\/div>\n\t\t\t\t<div class=\"elementor-element elementor-element-335b575 elementor-blockquote--skin-boxed elementor-blockquote--button-color-official elementor-widget elementor-widget-blockquote\" data-id=\"335b575\" data-element_type=\"widget\" data-e-type=\"widget\" data-widget_type=\"blockquote.default\">\n\t\t\t\t<div class=\"elementor-widget-container\">\n\t\t\t\t\t\t\t<blockquote class=\"elementor-blockquote\">\n\t\t\t<p class=\"elementor-blockquote__content\">\n\t\t\t\t\u201cCom este trabalho emocional, comecei a viver de forma mais verdadeira, compreendendo a origem de muitos dos sentimentos que sentia e que n\u00e3o reconhecia como algo interno. Pensava que as emo\u00e7\u00f5es originavam-se atrav\u00e9s das a\u00e7\u00f5es de outro indiv\u00edduo e que isto desencadeava sentimentos bons ou maus. Hoje, com este trabalho intenso e verdadeiro, reconhe\u00e7o que o que sinto perante uma situa\u00e7\u00e3o ou em rela\u00e7\u00e3o \u00e0 uma determinada pessoa, tem origem nas minhas experi\u00eancias de inf\u00e2ncia e adolesc\u00eancia que, porventura, moldaram as minhas a\u00e7\u00f5es perante a vida e os outros. Este reconhecimento das origens emocionais, que est\u00e3o por tr\u00e1s do que sentimos, \u00e9 o ponto de partida para viver a vida de forma mais consciente e real.\u201d\t\t\t<\/p>\n\t\t\t\t\t\t\t<div class=\"e-q-footer\">\n\t\t\t\t\t\t\t\t\t\t\t<cite class=\"elementor-blockquote__author\">Elis\u00e2ngela Maria Oyan - Botucatu, SP<\/cite>\n\t\t\t\t\t\t\t\t\t\t\t\t\t\t<\/div>\n\t\t\t\t\t<\/blockquote>\n\t\t\t\t\t\t<\/div>\n\t\t\t\t<\/div>\n\t\t\t\t<div class=\"elementor-element elementor-element-2bde125 elementor-blockquote--skin-boxed elementor-blockquote--button-color-official elementor-widget elementor-widget-blockquote\" data-id=\"2bde125\" data-element_type=\"widget\" data-e-type=\"widget\" data-widget_type=\"blockquote.default\">\n\t\t\t\t<div class=\"elementor-widget-container\">\n\t\t\t\t\t\t\t<blockquote class=\"elementor-blockquote\">\n\t\t\t<p class=\"elementor-blockquote__content\">\n\t\t\t\t\u201cDO ESCURO A LUZ (Poema) Sob a terra escura e densa, Jazia um belo diamante, Solit\u00e1rio, triste e acabrunhado \/ Com muito trabalho de desconstru\u00e7\u00e3o, O caminho foi sendo aberto, Com l\u00e1grimas e esfor\u00e7o, A barreira desmoronou. \/ Com cuidado e vagar, A conversa iniciou, Primeiro de forma escrita, Parte do mist\u00e9rio se revelou. \/ Lindo diamante, Foi sendo polido, Com palavras de amor, E cuidados redobrados. \/ No momento ideal, A conversa iniciou, Com presen\u00e7a real, O amor por ali pairou. \/ O diamante, Muito desejou, E tudo isso, Com rapidez ganhou. \/ E j\u00e1 brilhante e decidida, Ao mundo desejou se lan\u00e7ar, E com uma linda despedida, As rela\u00e7\u00f5es criadas foram mantidas. \/ Com brilho exuberante, Ao meu corpo emocional integrou, Hoje sinto gratid\u00e3o, A Rebekka e a o Criador! \/ Hoje sinto liberdade, Para poder viver, Tudo aquilo que n\u00e3o pude, Em parte, por medo de me arrepender. \/ Com alegria e coragem, Estou pronta para a vida\u2026, Para minha vida! Minhas decis\u00f5es! Minhas emo\u00e7\u00f5es!\u201d\t\t\t<\/p>\n\t\t\t\t\t\t\t<div class=\"e-q-footer\">\n\t\t\t\t\t\t\t\t\t\t\t<cite class=\"elementor-blockquote__author\">Carla Minamoto - Botucatu, SP<\/cite>\n\t\t\t\t\t\t\t\t\t\t\t\t\t\t<\/div>\n\t\t\t\t\t<\/blockquote>\n\t\t\t\t\t\t<\/div>\n\t\t\t\t<\/div>\n\t\t\t\t<div class=\"elementor-element elementor-element-daacdc4 elementor-blockquote--skin-boxed elementor-blockquote--button-color-official elementor-widget elementor-widget-blockquote\" data-id=\"daacdc4\" data-element_type=\"widget\" data-e-type=\"widget\" data-widget_type=\"blockquote.default\">\n\t\t\t\t<div class=\"elementor-widget-container\">\n\t\t\t\t\t\t\t<blockquote class=\"elementor-blockquote\">\n\t\t\t<p class=\"elementor-blockquote__content\">\n\t\t\t\t\u201cDe m\u00e3os dadas com a Rebekka, facilitando o meu processo emocional, tenho a clareza de ter percorrido um caminho desde seu in\u00edcio e que neste momento, uma etapa sensivelmente significativa foi conclu\u00edda. Senti guiada amorosa e firmemente, com os cuidados da Rebekka, pelos labirintos da minha alma. Com respeito ao meus momentos e necessidades, fomos descobrindo o que motivou minhas atitudes e sentimentos em rela\u00e7\u00e3o a cada detalhe da minha vida. Tudo o que me aconteceu na minha inf\u00e2ncia foi pano de fundo para minha vida no presente. Todos esses fatos do passado s\u00e3o resguardados e trancados, mas o caminhar com a Rebekka, utilizando a ferramenta que ela nos presenteia, as emo\u00e7\u00f5es foram e ainda s\u00e3o, cuidadosamente desveladas e a minha ess\u00eancia pode se revelar em sua pureza. Um processo vivido em um ambiente acolhedor, f\u00edsica e emocionalmente, que toda pessoa em busca de si mesmo t\u00eam a oportunidade de vivenciar, se tornando presente em sua pr\u00f3pria vida de uma forma inteiramente nova.\u201d\t\t\t<\/p>\n\t\t\t\t\t\t\t<div class=\"e-q-footer\">\n\t\t\t\t\t\t\t\t\t\t\t<cite class=\"elementor-blockquote__author\">Carla Minamoto - Botucatu, SP<\/cite>\n\t\t\t\t\t\t\t\t\t\t\t\t\t\t<\/div>\n\t\t\t\t\t<\/blockquote>\n\t\t\t\t\t\t<\/div>\n\t\t\t\t<\/div>\n\t\t\t\t<div class=\"elementor-element elementor-element-1435a10 elementor-blockquote--skin-boxed elementor-blockquote--button-color-official elementor-widget elementor-widget-blockquote\" data-id=\"1435a10\" data-element_type=\"widget\" data-e-type=\"widget\" data-widget_type=\"blockquote.default\">\n\t\t\t\t<div class=\"elementor-widget-container\">\n\t\t\t\t\t\t\t<blockquote class=\"elementor-blockquote\">\n\t\t\t<p class=\"elementor-blockquote__content\">\n\t\t\t\t\u201cH\u00e1 quase 4 anos desenvolvendo esse trabalho com a Rebekka Baumann consegui me alinhar na vida, de acordo com meus desejos, prioridades, personalidade, colhendo muitos frutos, principalmente no aspecto familiar, de relacionamento e profissional. Hoje posso dizer que conhe\u00e7o muito mais profundamente minha verdadeira personalidade (EU verdadeiro), me livrando de certas influ\u00eancias familiares, da sociedade, que acabam nos distanciando dessa ess\u00eancia real. Desconstruir meu lado estrat\u00e9gico foi um processo bastante enriquecedor, possibilitando separar o que realmente sinto e quero, do que seria o ideal supostamente correto esperado por todos. Isso me aliviou de sintomas como des\u00e2nimo, tristeza sem explica\u00e7\u00e3o, desvaloriza\u00e7\u00e3o pessoal, acabando com um lado que vivia deprimido e desestimulado, muito embora aos olhos de todos parecia uma pessoa normal (estrategicamente). Felicidade \u00e9 um sentimento, e n\u00e3o um status a ser vivido ou buscado a todo momento. Minha eterna gratid\u00e3o a esse trabalho t\u00e3o REAL !!\u201d\t\t\t<\/p>\n\t\t\t\t\t\t\t<div class=\"e-q-footer\">\n\t\t\t\t\t\t\t\t\t\t\t<cite class=\"elementor-blockquote__author\">Paulo Coradi - Botucatu, SP<\/cite>\n\t\t\t\t\t\t\t\t\t\t\t\t\t\t<\/div>\n\t\t\t\t\t<\/blockquote>\n\t\t\t\t\t\t<\/div>\n\t\t\t\t<\/div>\n\t\t\t\t\t<\/div>\n\t\t<\/div>\n\t\t\t\t\t<\/div>\n\t\t<\/section>\n\t\t\t\t<\/div>","protected":false},"excerpt":{"rendered":"<p>DEPOIMENTOS \u201cBom, posso dizer que tem transformado minha vida. Tenho sentido um ch\u00e3o mais firme para me apoiar e um c\u00e9u mais amplo para me aventurar. Percebi que todos ao meu redor t\u00eam ganhado com meu trabalho. Meus maiores desafios v\u00e3o sendo olhados, digeridos e transformados. Eu tenho ganhado confian\u00e7a e for\u00e7a para sustentar estas [&hellip;]<\/p>\n","protected":false},"author":4,"featured_media":0,"parent":0,"menu_order":0,"comment_status":"closed","ping_status":"closed","template":"","meta":{"footnotes":""},"class_list":["post-712","page","type-page","status-publish","hentry"],"_links":{"self":[{"href":"https:\/\/luarte.net.br\/en\/wp-json\/wp\/v2\/pages\/712","targetHints":{"allow":["GET"]}}],"collection":[{"href":"https:\/\/luarte.net.br\/en\/wp-json\/wp\/v2\/pages"}],"about":[{"href":"https:\/\/luarte.net.br\/en\/wp-json\/wp\/v2\/types\/page"}],"author":[{"embeddable":true,"href":"https:\/\/luarte.net.br\/en\/wp-json\/wp\/v2\/users\/4"}],"replies":[{"embeddable":true,"href":"https:\/\/luarte.net.br\/en\/wp-json\/wp\/v2\/comments?post=712"}],"version-history":[{"count":7,"href":"https:\/\/luarte.net.br\/en\/wp-json\/wp\/v2\/pages\/712\/revisions"}],"predecessor-version":[{"id":732,"href":"https:\/\/luarte.net.br\/en\/wp-json\/wp\/v2\/pages\/712\/revisions\/732"}],"wp:attachment":[{"href":"https:\/\/luarte.net.br\/en\/wp-json\/wp\/v2\/media?parent=712"}],"curies":[{"name":"wp","href":"https:\/\/api.w.org\/{rel}","templated":true}]}}